{"id":54,"date":"2024-04-29T00:33:54","date_gmt":"2024-04-28T22:33:54","guid":{"rendered":"https:\/\/jonathanzenti.com\/totale\/?page_id=54"},"modified":"2024-05-07T00:31:29","modified_gmt":"2024-05-06T22:31:29","slug":"cosa-e","status":"publish","type":"page","link":"https:\/\/jonathanzenti.com\/totale\/cosa-e\/","title":{"rendered":"Cosa \u00e8"},"content":{"rendered":"\n<p>Totale \u00e8 il variet\u00e0 settimanale sulla fine che stiamo per fare.<br>Gli effetti del capitalismo totale sulle nostre esistenze, spiegati bene e vissuti male.<\/p>\n\n\n\n<p>Ideato e condotto da Jonathan Zenti con ospiti, pubblico, una grande orchestra e quattro formidabili inviati: Giada Arena, John Modupe, Yoko Yamada e Johnny Faina.<\/p>\n\n\n\n<p>In onda il sabato alle 20:30 di mattina e in replica tutto il tempo dopo.<\/p>\n\n\n\n<p>TOTALE \u00e8 un progetto indipendente e disponibile sempre per tutti.<\/p>\n\n\n\n<p>Puoi garantirne l\u2019esistenza attraverso il <a href=\"https:\/\/www.spreaker.com\/podcast\/totale--6103972\/support\" rel=\"noreferrer noopener\" target=\"_blank\">Spreaker Supporters Club<\/a><\/p>\n\n\n\n<p>O attraverso <a href=\"https:\/\/www.patreon.com\/totale\" rel=\"noreferrer noopener\" target=\"_blank\">Patreon<\/a><\/p>\n\n\n\n<p>Realizzato anche grazie al supporto di <a href=\"https:\/\/nagency.it\/\">Nagency<\/a> e <a href=\"https:\/\/www.spreaker.com\/\">Spreaker<\/a><\/p>\n","protected":false},"excerpt":{"rendered":"<p>Totale \u00e8 il variet\u00e0 settimanale sulla fine che stiamo per fare.Gli effetti del capitalismo totale sulle nostre esistenze, spiegati bene [&hellip;]<\/p>\n<a href=\"https:\/\/jonathanzenti.com\/totale\/cosa-e\/\" class=\"read-more\">Read more <span class=\"mdi mdi-trending-neutral\"><\/span><\/a>","protected":false},"author":1,"featured_media":0,"parent":0,"menu_order":0,"comment_status":"closed","ping_status":"closed","template":"","meta":[],"yoast_head":"<!-- This site is optimized with the Yoast SEO plugin v17.4 - https:\/\/yoast.com\/wordpress\/plugins\/seo\/ -->\n<title>Cosa \u00e8 - TOTALE<\/title>\n<meta name=\"description\" content=\"Totale \u00e8 i podcast variet\u00e0 settimanale sulla fine che stiamo per fare. Condotto da Jonathan Zenti.\" \/>\n<meta name=\"robots\" content=\"index, follow, max-snippet:-1, max-image-preview:large, max-video-preview:-1\" \/>\n<link rel=\"canonical\" href=\"https:\/\/jonathanzenti.com\/totale\/cosa-e\/\" \/>\n<meta property=\"og:locale\" content=\"it_IT\" \/>\n<meta property=\"og:type\" content=\"article\" \/>\n<meta property=\"og:title\" content=\"Cosa \u00e8 - TOTALE\" \/>\n<meta property=\"og:description\" content=\"Totale \u00e8 i podcast variet\u00e0 settimanale sulla fine che stiamo per fare. Condotto da Jonathan Zenti.\" \/>\n<meta property=\"og:url\" content=\"https:\/\/jonathanzenti.com\/totale\/cosa-e\/\" \/>\n<meta property=\"og:site_name\" content=\"TOTALE\" \/>\n<meta property=\"article:modified_time\" content=\"2024-05-06T22:31:29+00:00\" \/>\n<meta name=\"twitter:card\" content=\"summary_large_image\" \/>\n<meta name=\"twitter:label1\" content=\"Tempo di lettura stimato\" \/>\n\t<meta name=\"twitter:data1\" content=\"1 minuto\" \/>\n<script type=\"application\/ld+json\" class=\"yoast-schema-graph\">{\"@context\":\"https:\/\/schema.org\",\"@graph\":[{\"@type\":\"WebSite\",\"@id\":\"https:\/\/jonathanzenti.com\/totale\/#website\",\"url\":\"https:\/\/jonathanzenti.com\/totale\/\",\"name\":\"TOTALE\",\"description\":\"Il variet\\u00e0 settimanale sulla fine che stiamo per fare\",\"potentialAction\":[{\"@type\":\"SearchAction\",\"target\":{\"@type\":\"EntryPoint\",\"urlTemplate\":\"https:\/\/jonathanzenti.com\/totale\/?s={search_term_string}\"},\"query-input\":\"required name=search_term_string\"}],\"inLanguage\":\"it-IT\"},{\"@type\":\"WebPage\",\"@id\":\"https:\/\/jonathanzenti.com\/totale\/cosa-e\/#webpage\",\"url\":\"https:\/\/jonathanzenti.com\/totale\/cosa-e\/\",\"name\":\"Cosa \\u00e8 - TOTALE\",\"isPartOf\":{\"@id\":\"https:\/\/jonathanzenti.com\/totale\/#website\"},\"datePublished\":\"2024-04-28T22:33:54+00:00\",\"dateModified\":\"2024-05-06T22:31:29+00:00\",\"description\":\"Totale \\u00e8 i podcast variet\\u00e0 settimanale sulla fine che stiamo per fare. Condotto da Jonathan Zenti.\",\"breadcrumb\":{\"@id\":\"https:\/\/jonathanzenti.com\/totale\/cosa-e\/#breadcrumb\"},\"inLanguage\":\"it-IT\",\"potentialAction\":[{\"@type\":\"ReadAction\",\"target\":[\"https:\/\/jonathanzenti.com\/totale\/cosa-e\/\"]}]},{\"@type\":\"BreadcrumbList\",\"@id\":\"https:\/\/jonathanzenti.com\/totale\/cosa-e\/#breadcrumb\",\"itemListElement\":[{\"@type\":\"ListItem\",\"position\":1,\"name\":\"Home\",\"item\":\"https:\/\/jonathanzenti.com\/totale\/\"},{\"@type\":\"ListItem\",\"position\":2,\"name\":\"Cosa \\u00e8\"}]}]}<\/script>\n<!-- \/ Yoast SEO plugin. -->","yoast_head_json":{"title":"Cosa \u00e8 - TOTALE","description":"Totale \u00e8 i podcast variet\u00e0 settimanale sulla fine che stiamo per fare. Condotto da Jonathan Zenti.","robots":{"index":"index","follow":"follow","max-snippet":"max-snippet:-1","max-image-preview":"max-image-preview:large","max-video-preview":"max-video-preview:-1"},"canonical":"https:\/\/jonathanzenti.com\/totale\/cosa-e\/","og_locale":"it_IT","og_type":"article","og_title":"Cosa \u00e8 - TOTALE","og_description":"Totale \u00e8 i podcast variet\u00e0 settimanale sulla fine che stiamo per fare. Condotto da Jonathan Zenti.","og_url":"https:\/\/jonathanzenti.com\/totale\/cosa-e\/","og_site_name":"TOTALE","article_modified_time":"2024-05-06T22:31:29+00:00","twitter_card":"summary_large_image","twitter_misc":{"Tempo di lettura stimato":"1 minuto"},"schema":{"@context":"https:\/\/schema.org","@graph":[{"@type":"WebSite","@id":"https:\/\/jonathanzenti.com\/totale\/#website","url":"https:\/\/jonathanzenti.com\/totale\/","name":"TOTALE","description":"Il variet\u00e0 settimanale sulla fine che stiamo per fare","potentialAction":[{"@type":"SearchAction","target":{"@type":"EntryPoint","urlTemplate":"https:\/\/jonathanzenti.com\/totale\/?s={search_term_string}"},"query-input":"required name=search_term_string"}],"inLanguage":"it-IT"},{"@type":"WebPage","@id":"https:\/\/jonathanzenti.com\/totale\/cosa-e\/#webpage","url":"https:\/\/jonathanzenti.com\/totale\/cosa-e\/","name":"Cosa \u00e8 - TOTALE","isPartOf":{"@id":"https:\/\/jonathanzenti.com\/totale\/#website"},"datePublished":"2024-04-28T22:33:54+00:00","dateModified":"2024-05-06T22:31:29+00:00","description":"Totale \u00e8 i podcast variet\u00e0 settimanale sulla fine che stiamo per fare. Condotto da Jonathan Zenti.","breadcrumb":{"@id":"https:\/\/jonathanzenti.com\/totale\/cosa-e\/#breadcrumb"},"inLanguage":"it-IT","potentialAction":[{"@type":"ReadAction","target":["https:\/\/jonathanzenti.com\/totale\/cosa-e\/"]}]},{"@type":"BreadcrumbList","@id":"https:\/\/jonathanzenti.com\/totale\/cosa-e\/#breadcrumb","itemListElement":[{"@type":"ListItem","position":1,"name":"Home","item":"https:\/\/jonathanzenti.com\/totale\/"},{"@type":"ListItem","position":2,"name":"Cosa \u00e8"}]}]}},"_links":{"self":[{"href":"https:\/\/jonathanzenti.com\/totale\/wp-json\/wp\/v2\/pages\/54"}],"collection":[{"href":"https:\/\/jonathanzenti.com\/totale\/wp-json\/wp\/v2\/pages"}],"about":[{"href":"https:\/\/jonathanzenti.com\/totale\/wp-json\/wp\/v2\/types\/page"}],"author":[{"embeddable":true,"href":"https:\/\/jonathanzenti.com\/totale\/wp-json\/wp\/v2\/users\/1"}],"replies":[{"embeddable":true,"href":"https:\/\/jonathanzenti.com\/totale\/wp-json\/wp\/v2\/comments?post=54"}],"version-history":[{"count":2,"href":"https:\/\/jonathanzenti.com\/totale\/wp-json\/wp\/v2\/pages\/54\/revisions"}],"predecessor-version":[{"id":112,"href":"https:\/\/jonathanzenti.com\/totale\/wp-json\/wp\/v2\/pages\/54\/revisions\/112"}],"wp:attachment":[{"href":"https:\/\/jonathanzenti.com\/totale\/wp-json\/wp\/v2\/media?parent=54"}],"curies":[{"name":"wp","href":"https:\/\/api.w.org\/{rel}","templated":true}]}}